{"id":850,"date":"2022-07-04T09:51:04","date_gmt":"2022-07-04T07:51:04","guid":{"rendered":"https:\/\/blue-ape-385793.hostingersite.com\/?page_id=850"},"modified":"2024-03-25T07:12:53","modified_gmt":"2024-03-25T05:12:53","slug":"quienes-somos","status":"publish","type":"page","link":"https:\/\/moratorenovables.com\/es\/quienes-somos\/","title":{"rendered":"Qui\u00e9nes somos"},"content":{"rendered":"<div data-elementor-type=\"wp-page\" data-elementor-id=\"850\" class=\"elementor elementor-850\" data-elementor-post-type=\"page\">\n\t\t\t\t\t\t<section class=\"elementor-section elementor-top-section elementor-element elementor-element-b24d1a8 elementor-section-boxed elementor-section-height-default elementor-section-height-default\" data-id=\"b24d1a8\" data-element_type=\"section\" data-e-type=\"section\" data-settings=\"{&quot;jet_parallax_layout_list&quot;:[],&quot;background_background&quot;:&quot;gradient&quot;}\">\n\t\t\t\t\t\t<div class=\"elementor-container elementor-column-gap-no\">\n\t\t\t\t\t<div class=\"elementor-column elementor-col-100 elementor-top-column elementor-element elementor-element-d18690b\" data-id=\"d18690b\" data-element_type=\"column\" data-e-type=\"column\">\n\t\t\t<div class=\"elementor-widget-wrap elementor-element-populated\">\n\t\t\t\t\t\t<div class=\"elementor-element elementor-element-bc05f0d elementor-invisible elementor-widget elementor-widget-heading\" data-id=\"bc05f0d\" data-element_type=\"widget\" data-e-type=\"widget\" data-settings=\"{&quot;_animation&quot;:&quot;fadeInDown&quot;}\" data-widget_type=\"heading.default\">\n\t\t\t\t<div class=\"elementor-widget-container\">\n\t\t\t\t\t<h2 class=\"elementor-heading-title elementor-size-default\">QUIENES SOMOS<\/h2>\t\t\t\t<\/div>\n\t\t\t\t<\/div>\n\t\t\t\t\t<\/div>\n\t\t<\/div>\n\t\t\t\t\t<\/div>\n\t\t<\/section>\n\t\t\t\t<section class=\"elementor-section elementor-top-section elementor-element elementor-element-68a5a87 elementor-section-boxed elementor-section-height-default elementor-section-height-default\" data-id=\"68a5a87\" data-element_type=\"section\" data-e-type=\"section\" data-settings=\"{&quot;jet_parallax_layout_list&quot;:[]}\">\n\t\t\t\t\t\t<div class=\"elementor-container elementor-column-gap-default\">\n\t\t\t\t\t<div class=\"elementor-column elementor-col-100 elementor-top-column elementor-element elementor-element-59f571d\" data-id=\"59f571d\" data-element_type=\"column\" data-e-type=\"column\">\n\t\t\t<div class=\"elementor-widget-wrap elementor-element-populated\">\n\t\t\t\t\t\t<div class=\"elementor-element elementor-element-ea2896c elementor-widget elementor-widget-text-editor\" data-id=\"ea2896c\" data-element_type=\"widget\" data-e-type=\"widget\" data-widget_type=\"text-editor.default\">\n\t\t\t\t<div class=\"elementor-widget-container\">\n\t\t\t\t\t\t\t\t\t<p>Queremos ayudarte a realizar la necesaria transici\u00f3n energ\u00e9tica.<br \/>Nos ponemos a tu servicio como hemos hecho siempre, desde 1953<\/p>\t\t\t\t\t\t\t\t<\/div>\n\t\t\t\t<\/div>\n\t\t\t\t\t<\/div>\n\t\t<\/div>\n\t\t\t\t\t<\/div>\n\t\t<\/section>\n\t\t\t\t<section class=\"elementor-section elementor-top-section elementor-element elementor-element-604badf elementor-section-boxed elementor-section-height-default elementor-section-height-default\" data-id=\"604badf\" data-element_type=\"section\" data-e-type=\"section\" data-settings=\"{&quot;jet_parallax_layout_list&quot;:[]}\">\n\t\t\t\t\t\t<div class=\"elementor-container elementor-column-gap-default\">\n\t\t\t\t\t<div class=\"elementor-column elementor-col-100 elementor-top-column elementor-element elementor-element-1f946bc\" data-id=\"1f946bc\" data-element_type=\"column\" data-e-type=\"column\">\n\t\t\t<div class=\"elementor-widget-wrap elementor-element-populated\">\n\t\t\t\t\t\t<div class=\"elementor-element elementor-element-044275c elementor-widget elementor-widget-text-editor\" data-id=\"044275c\" data-element_type=\"widget\" data-e-type=\"widget\" data-widget_type=\"text-editor.default\">\n\t\t\t\t<div class=\"elementor-widget-container\">\n\t\t\t\t\t\t\t\t\t<p><strong>Una empresa familiar con historia\u00a0<\/strong><br \/>La actividad empresarial de la familia Morat\u00f3 comienza en 1953. Desde su fundaci\u00f3n ya lo largo de los a\u00f1os, los valores de <strong>proximidad, sencillez y servicio al m\u00e1ximo detalle<\/strong>, han formado parte de la cultura empresarial de la compa\u00f1\u00eda. Y siempre adapt\u00e1ndose a las necesidades tecnol\u00f3gicas de cada momento.<\/p>\t\t\t\t\t\t\t\t<\/div>\n\t\t\t\t<\/div>\n\t\t\t\t\t<\/div>\n\t\t<\/div>\n\t\t\t\t\t<\/div>\n\t\t<\/section>\n\t\t\t\t<section class=\"elementor-section elementor-top-section elementor-element elementor-element-c63aaa4 elementor-section-boxed elementor-section-height-default elementor-section-height-default\" data-id=\"c63aaa4\" data-element_type=\"section\" data-e-type=\"section\" data-settings=\"{&quot;jet_parallax_layout_list&quot;:[],&quot;background_background&quot;:&quot;classic&quot;}\">\n\t\t\t\t\t\t<div class=\"elementor-container elementor-column-gap-default\">\n\t\t\t\t\t<div class=\"elementor-column elementor-col-100 elementor-top-column elementor-element elementor-element-f652ec6\" data-id=\"f652ec6\" data-element_type=\"column\" data-e-type=\"column\">\n\t\t\t<div class=\"elementor-widget-wrap elementor-element-populated\">\n\t\t\t\t\t\t<div class=\"elementor-element elementor-element-e6f7837 elementor-widget elementor-widget-text-editor\" data-id=\"e6f7837\" data-element_type=\"widget\" data-e-type=\"widget\" data-widget_type=\"text-editor.default\">\n\t\t\t\t<div class=\"elementor-widget-container\">\n\t\t\t\t\t\t\t\t\t<p><strong>\u00a1Con la mirada puesta en las necesidades del presente, y del futuro!<\/strong><br \/>Ante la gran cantidad de retos con que nos encontramos como sociedad, entendemos que el <strong>reto energ\u00e9tico de sostenibilidad<\/strong> es un punto clave no s\u00f3lo en las empresas sino tambi\u00e9n en cada uno de nosotros en <strong>nuestro d\u00eda a d\u00eda.<\/strong><\/p>\t\t\t\t\t\t\t\t<\/div>\n\t\t\t\t<\/div>\n\t\t\t\t\t<\/div>\n\t\t<\/div>\n\t\t\t\t\t<\/div>\n\t\t<\/section>\n\t\t\t\t<section class=\"elementor-section elementor-top-section elementor-element elementor-element-870bf9c elementor-section-boxed elementor-section-height-default elementor-section-height-default\" data-id=\"870bf9c\" data-element_type=\"section\" data-e-type=\"section\" data-settings=\"{&quot;jet_parallax_layout_list&quot;:[]}\">\n\t\t\t\t\t\t<div class=\"elementor-container elementor-column-gap-default\">\n\t\t\t\t\t<div class=\"elementor-column elementor-col-100 elementor-top-column elementor-element elementor-element-3989528\" data-id=\"3989528\" data-element_type=\"column\" data-e-type=\"column\">\n\t\t\t<div class=\"elementor-widget-wrap elementor-element-populated\">\n\t\t\t\t\t\t<div class=\"elementor-element elementor-element-6a30e15 elementor-widget elementor-widget-text-editor\" data-id=\"6a30e15\" data-element_type=\"widget\" data-e-type=\"widget\" data-widget_type=\"text-editor.default\">\n\t\t\t\t<div class=\"elementor-widget-container\">\n\t\t\t\t\t\t\t\t\t<p>Es aqu\u00ed donde podemos aportar un valor diferencial, <strong>ayud\u00e1ndote<\/strong> en esta transici\u00f3n energ\u00e9tica. <span style=\"color: #619f3c;\"><strong>Hagamos la transformaci\u00f3n fotovoltaica juntos.<\/strong><\/span><\/p><p>As\u00ed pues, aplicando nuestra cultura empresarial a la coyuntura actual, <strong>nace Morat\u00f3 Renovables.<\/strong><\/p><p>Concretamente decidimos que el mejor momento para emprender este apasionante proyecto es <strong>a partir de la modificaci\u00f3n de la injusta ley de \u201cimpuesto al sol\u201d.<\/strong>\u00a0 Esta modificaci\u00f3n permite a particulares ya Pymes vender la energ\u00eda fotovoltaica excedente a precios razonables, eliminando la burocracia que lo hac\u00eda econ\u00f3micamente inviable hasta ahora.<\/p>\t\t\t\t\t\t\t\t<\/div>\n\t\t\t\t<\/div>\n\t\t\t\t\t<\/div>\n\t\t<\/div>\n\t\t\t\t\t<\/div>\n\t\t<\/section>\n\t\t\t\t<section class=\"elementor-section elementor-top-section elementor-element elementor-element-2dabc81 elementor-section-boxed elementor-section-height-default elementor-section-height-default\" data-id=\"2dabc81\" data-element_type=\"section\" data-e-type=\"section\" data-settings=\"{&quot;jet_parallax_layout_list&quot;:[]}\">\n\t\t\t\t\t\t<div class=\"elementor-container elementor-column-gap-wider\">\n\t\t\t\t\t<div class=\"elementor-column elementor-col-50 elementor-top-column elementor-element elementor-element-dbb08b6\" data-id=\"dbb08b6\" data-element_type=\"column\" data-e-type=\"column\">\n\t\t\t<div class=\"elementor-widget-wrap elementor-element-populated\">\n\t\t\t\t\t\t<div class=\"elementor-element elementor-element-24e84bf elementor-widget elementor-widget-image\" data-id=\"24e84bf\" data-element_type=\"widget\" data-e-type=\"widget\" data-widget_type=\"image.default\">\n\t\t\t\t<div class=\"elementor-widget-container\">\n\t\t\t\t\t\t\t\t\t\t\t\t\t\t\t<img decoding=\"async\" src=\"https:\/\/moratorenovables.com\/wp-content\/uploads\/elementor\/thumbs\/marc_vicente_morato-rmmesu19mj717v4jmzzzwzkr1lex7r5ur2w56nihu8.jpg\" title=\"\" alt=\"\" loading=\"lazy\">\t\t\t\t\t\t\t\t\t\t\t\t\t\t\t<\/div>\n\t\t\t\t<\/div>\n\t\t\t\t\t<\/div>\n\t\t<\/div>\n\t\t\t\t<div class=\"elementor-column elementor-col-50 elementor-top-column elementor-element elementor-element-953146c\" data-id=\"953146c\" data-element_type=\"column\" data-e-type=\"column\">\n\t\t\t<div class=\"elementor-widget-wrap elementor-element-populated\">\n\t\t\t\t\t\t<div class=\"elementor-element elementor-element-6baee27 elementor-widget elementor-widget-text-editor\" data-id=\"6baee27\" data-element_type=\"widget\" data-e-type=\"widget\" data-widget_type=\"text-editor.default\">\n\t\t\t\t<div class=\"elementor-widget-container\">\n\t\t\t\t\t\t\t\t\t<p><span style=\"color: #619f3c;\"><strong>Morat\u00f3 Renovables<\/strong><\/span> es un proyecto liderado por <strong>Marc Vicente i Morat\u00f3<\/strong>.<br \/>Marc es licenciado en Ingenier\u00eda Industrial con un posgrado en Energ\u00eda Fotovoltaica y m\u00e1s de 3 a\u00f1os de experiencia en el sector fotovoltaico en empresas de alcance estatal.<br \/>Desde peque\u00f1o, es <strong>apasionado <\/strong>para saber c\u00f3mo funcionan las cosas y en <strong>mejorar la vida de las personas mediante la tecnolog\u00eda.<\/strong><br \/>Profesionalmente, destaca su <strong>experiencia internacional<\/strong> en consultor\u00eda y en investigaci\u00f3n tecnol\u00f3gica.\u00a0<\/p>\t\t\t\t\t\t\t\t<\/div>\n\t\t\t\t<\/div>\n\t\t\t\t\t<\/div>\n\t\t<\/div>\n\t\t\t\t\t<\/div>\n\t\t<\/section>\n\t\t\t\t<section class=\"elementor-section elementor-top-section elementor-element elementor-element-bee1dfd elementor-section-height-min-height elementor-section-boxed elementor-section-height-default elementor-section-items-middle\" data-id=\"bee1dfd\" data-element_type=\"section\" data-e-type=\"section\" data-settings=\"{&quot;jet_parallax_layout_list&quot;:[],&quot;background_background&quot;:&quot;classic&quot;}\">\n\t\t\t\t\t\t<div class=\"elementor-container elementor-column-gap-default\">\n\t\t\t\t\t<div class=\"elementor-column elementor-col-100 elementor-top-column elementor-element elementor-element-8f37b70\" data-id=\"8f37b70\" data-element_type=\"column\" data-e-type=\"column\">\n\t\t\t<div class=\"elementor-widget-wrap elementor-element-populated\">\n\t\t\t\t\t\t<div class=\"elementor-element elementor-element-ddede1d elementor-widget elementor-widget-heading\" data-id=\"ddede1d\" data-element_type=\"widget\" data-e-type=\"widget\" data-widget_type=\"heading.default\">\n\t\t\t\t<div class=\"elementor-widget-container\">\n\t\t\t\t\t<h2 class=\"elementor-heading-title elementor-size-default\">Es el momento de afrontar las necesidades energ\u00e9ticas y medioambientales.<\/h2>\t\t\t\t<\/div>\n\t\t\t\t<\/div>\n\t\t\t\t<div class=\"elementor-element elementor-element-9f940f9 elementor-widget elementor-widget-heading\" data-id=\"9f940f9\" data-element_type=\"widget\" data-e-type=\"widget\" data-widget_type=\"heading.default\">\n\t\t\t\t<div class=\"elementor-widget-container\">\n\t\t\t\t\t<h2 class=\"elementor-heading-title elementor-size-default\">Hagamos la transformaci\u00f3n Fotovoltaica juntos.<\/h2>\t\t\t\t<\/div>\n\t\t\t\t<\/div>\n\t\t\t\t\t<\/div>\n\t\t<\/div>\n\t\t\t\t\t<\/div>\n\t\t<\/section>\n\t\t\t\t<section class=\"elementor-section elementor-top-section elementor-element elementor-element-01d356f elementor-section-boxed elementor-section-height-default elementor-section-height-default\" data-id=\"01d356f\" data-element_type=\"section\" data-e-type=\"section\" data-settings=\"{&quot;jet_parallax_layout_list&quot;:[],&quot;background_background&quot;:&quot;gradient&quot;}\">\n\t\t\t\t\t\t<div class=\"elementor-container elementor-column-gap-no\">\n\t\t\t\t\t<div class=\"elementor-column elementor-col-100 elementor-top-column elementor-element elementor-element-9a947ed\" data-id=\"9a947ed\" data-element_type=\"column\" data-e-type=\"column\">\n\t\t\t<div class=\"elementor-widget-wrap elementor-element-populated\">\n\t\t\t\t\t\t<div class=\"elementor-element elementor-element-ea74e0e elementor-widget elementor-widget-spacer\" data-id=\"ea74e0e\" data-element_type=\"widget\" data-e-type=\"widget\" data-widget_type=\"spacer.default\">\n\t\t\t\t<div class=\"elementor-widget-container\">\n\t\t\t\t\t\t\t<div class=\"elementor-spacer\">\n\t\t\t<div class=\"elementor-spacer-inner\"><\/div>\n\t\t<\/div>\n\t\t\t\t\t\t<\/div>\n\t\t\t\t<\/div>\n\t\t\t\t<div class=\"elementor-element elementor-element-fabecb1 elementor-invisible elementor-widget elementor-widget-heading\" data-id=\"fabecb1\" data-element_type=\"widget\" data-e-type=\"widget\" data-settings=\"{&quot;_animation&quot;:&quot;fadeInDown&quot;}\" data-widget_type=\"heading.default\">\n\t\t\t\t<div class=\"elementor-widget-container\">\n\t\t\t\t\t<h2 class=\"elementor-heading-title elementor-size-default\">\u00bfQUIERES INSTALAR PLACAS SOLARES?<\/h2>\t\t\t\t<\/div>\n\t\t\t\t<\/div>\n\t\t\t\t<div class=\"elementor-element elementor-element-ce09b9b elementor-invisible elementor-widget elementor-widget-text-editor\" data-id=\"ce09b9b\" data-element_type=\"widget\" data-e-type=\"widget\" data-settings=\"{&quot;_animation&quot;:&quot;fadeInUp&quot;}\" data-widget_type=\"text-editor.default\">\n\t\t\t\t<div class=\"elementor-widget-container\">\n\t\t\t\t\t\t\t\t\t<p>Env\u00edanos tus datos. Nuestro ingeniero realizar\u00e1 una visita presencial, te haremos un proyecto a medida y te podremos resolver todas las dudas al momento.<br \/><strong>F\u00e1cil y claro.<\/strong><\/p>\t\t\t\t\t\t\t\t<\/div>\n\t\t\t\t<\/div>\n\t\t\t\t<div class=\"elementor-element elementor-element-56e7d8c elementor-align-center elementor-invisible elementor-widget elementor-widget-button\" data-id=\"56e7d8c\" data-element_type=\"widget\" data-e-type=\"widget\" data-settings=\"{&quot;_animation&quot;:&quot;fadeInUp&quot;,&quot;_animation_delay&quot;:0}\" data-widget_type=\"button.default\">\n\t\t\t\t<div class=\"elementor-widget-container\">\n\t\t\t\t\t\t\t\t\t<div class=\"elementor-button-wrapper\">\n\t\t\t\t\t<a class=\"elementor-button elementor-button-link elementor-size-sm\" href=\"https:\/\/moratorenovables.com\/es\/formulario\/\">\n\t\t\t\t\t\t<span class=\"elementor-button-content-wrapper\">\n\t\t\t\t\t\t\t\t\t<span class=\"elementor-button-text\">S\u00ed, me interesa<\/span>\n\t\t\t\t\t<\/span>\n\t\t\t\t\t<\/a>\n\t\t\t\t<\/div>\n\t\t\t\t\t\t\t\t<\/div>\n\t\t\t\t<\/div>\n\t\t\t\t<div class=\"elementor-element elementor-element-e2e27af elementor-widget elementor-widget-spacer\" data-id=\"e2e27af\" data-element_type=\"widget\" data-e-type=\"widget\" data-widget_type=\"spacer.default\">\n\t\t\t\t<div class=\"elementor-widget-container\">\n\t\t\t\t\t\t\t<div class=\"elementor-spacer\">\n\t\t\t<div class=\"elementor-spacer-inner\"><\/div>\n\t\t<\/div>\n\t\t\t\t\t\t<\/div>\n\t\t\t\t<\/div>\n\t\t\t\t\t<\/div>\n\t\t<\/div>\n\t\t\t\t\t<\/div>\n\t\t<\/section>\n\t\t\t\t<\/div>","protected":false},"excerpt":{"rendered":"<p>QUI SOM Volem ajudar-te a fer la necess\u00e0ria transici\u00f3 energ\u00e8tica.Ens posem al teu servei com hem fet sempre, des de 1953 Una empresa familiar amb hist\u00f2ria\u00a0L\u2019activitat empresarial de la fam\u00edlia Morat\u00f3 comen\u00e7a el 1953. Des de la seva fundaci\u00f3 i al llarg dels anys, els valors de proximitat, senzillesa i servei al m\u00e0xim detall, han [&hellip;]<\/p>\n","protected":false},"author":2,"featured_media":0,"parent":0,"menu_order":0,"comment_status":"closed","ping_status":"closed","template":"","meta":{"nombre_localidad":"","descripcion_slider":"","texto_anuncio_cta_llamada_a_la_accion":"","texto_seccion_1":"","texto_seccion_2":"","telefono":"","footnotes":""},"class_list":["post-850","page","type-page","status-publish","hentry"],"_links":{"self":[{"href":"https:\/\/moratorenovables.com\/es\/wp-json\/wp\/v2\/pages\/850","targetHints":{"allow":["GET"]}}],"collection":[{"href":"https:\/\/moratorenovables.com\/es\/wp-json\/wp\/v2\/pages"}],"about":[{"href":"https:\/\/moratorenovables.com\/es\/wp-json\/wp\/v2\/types\/page"}],"author":[{"embeddable":true,"href":"https:\/\/moratorenovables.com\/es\/wp-json\/wp\/v2\/users\/2"}],"replies":[{"embeddable":true,"href":"https:\/\/moratorenovables.com\/es\/wp-json\/wp\/v2\/comments?post=850"}],"version-history":[{"count":5,"href":"https:\/\/moratorenovables.com\/es\/wp-json\/wp\/v2\/pages\/850\/revisions"}],"predecessor-version":[{"id":2549,"href":"https:\/\/moratorenovables.com\/es\/wp-json\/wp\/v2\/pages\/850\/revisions\/2549"}],"wp:attachment":[{"href":"https:\/\/moratorenovables.com\/es\/wp-json\/wp\/v2\/media?parent=850"}],"curies":[{"name":"wp","href":"https:\/\/api.w.org\/{rel}","templated":true}]}}